{"id":282,"date":"2019-03-27T20:38:35","date_gmt":"2019-03-27T19:38:35","guid":{"rendered":"http:\/\/carinlevine.de\/wordpress\/?page_id=282"},"modified":"2019-04-10T21:48:42","modified_gmt":"2019-04-10T19:48:42","slug":"diary-tagebuch-2016","status":"publish","type":"page","link":"https:\/\/carinlevine.de\/wordpress\/diary-tagebuch-2016\/","title":{"rendered":"Diary\/Tagebuch (2016)"},"content":{"rendered":"<style type=\"text\/css\">\n#foogallery-gallery-327 .fg-image { width: 150px; }\n#foogallery-gallery-327 { --fg-gutter: 10px; }<\/style>\n\t\t\t<div class=\"foogallery foogallery-container foogallery-default foogallery-lightbox-foobox fg-center fg-default fg-ready fg-light fg-border-thin fg-shadow-outline fg-loading-default fg-loaded-fade-in fg-caption-hover fg-hover-fade fg-hover-zoom\" id=\"foogallery-gallery-327\" data-foogallery=\"{&quot;item&quot;:{&quot;showCaptionTitle&quot;:true,&quot;showCaptionDescription&quot;:true},&quot;lazy&quot;:true}\" style=\"--fg-title-line-clamp: 0; --fg-description-line-clamp: 0;\" >\n\t<div class=\"fg-item fg-type-image fg-idle\"><figure class=\"fg-item-inner\"><a href=\"https:\/\/carinlevine.de\/wordpress\/wp-content\/uploads\/2019\/03\/WER73242_12cm.jpg\" data-attachment-id=\"326\" data-type=\"image\" class=\"fg-thumb\"><span class=\"fg-image-wrap\"><img width=\"150\" height=\"150\" class=\"skip-lazy fg-image\" data-src-fg=\"https:\/\/carinlevine.de\/wordpress\/wp-content\/uploads\/cache\/2019\/03\/WER73242_12cm\/3972783692.jpg\" src=\"data:image\/svg+xml,%3Csvg%20xmlns%3D%22http%3A%2F%2Fwww.w3.org%2F2000%2Fsvg%22%20width%3D%22150%22%20height%3D%22150%22%20viewBox%3D%220%200%20150%20150%22%3E%3C%2Fsvg%3E\" loading=\"eager\"><\/span><span class=\"fg-image-overlay\"><\/span><\/a><\/figure><div class=\"fg-loader\"><\/div><\/div><\/div>\n<style type=\"text\/css\">#foogallery-gallery-327 { text-align: left; }<\/style>\n<hr \/>\n<p>Diary\/Tagebuch (2016)<br \/>\nVioleta Diescu<br \/>\nWorks for flute<br \/>\nWERGO WER 7324 2<\/p>\n<p>Carin Levine, Flutes<br \/>\nCynthia Oppermann, Harp<br \/>\nSusanne Zapf, Violin<br \/>\nStephan Rahn, Piano<br \/>\nDauprat-Hornquartett<\/p>\n<p><strong>1\u00a0 aus dem tagebuch I<\/strong><br \/>\nf\u00fcr Fl\u00f6te solo<\/p>\n<p><strong>2\u00a0 blick I<\/strong><br \/>\nf\u00fcr zwei Fl\u00f6ten (Altfl\u00f6te, Bassfl\u00f6te)<\/p>\n<p><strong>3\u00a0 die glocke im meer<\/strong><br \/>\nf\u00fcr Fl\u00f6te und vier H\u00f6rner<\/p>\n<!--[if lt IE 9]><script>document.createElement('audio');<\/script><![endif]-->\n<audio class=\"wp-audio-shortcode\" id=\"audio-282-1\" preload=\"none\" style=\"width: 100%;\" controls=\"controls\"><source type=\"audio\/mpeg\" src=\"http:\/\/carinlevine.de\/wordpress\/wp-content\/uploads\/2019\/04\/03_Titel_03.mp3?_=1\" \/><a href=\"http:\/\/carinlevine.de\/wordpress\/wp-content\/uploads\/2019\/04\/03_Titel_03.mp3\">http:\/\/carinlevine.de\/wordpress\/wp-content\/uploads\/2019\/04\/03_Titel_03.mp3<\/a><\/audio>\n<p><strong>4\u00a0 aus dem tagebuch II<\/strong><br \/>\nf\u00fcr Bassfl\u00f6te solo<\/p>\n<p><strong>5\u00a0 kata<\/strong><br \/>\nf\u00fcr Fl\u00f6te und Klavier<\/p>\n<p><strong>6\u00a0 aus dem tagebuch III<\/strong><br \/>\nf\u00fcr Altfl\u00f6te solo<\/p>\n<p><strong>7\u00a0 blick IV<\/strong><br \/>\nf\u00fcr vier Fl\u00f6ten (C-Fl\u00f6te, Piccolo, Bassfl\u00f6te, Kontrabassfl\u00f6te)<\/p>\n<audio class=\"wp-audio-shortcode\" id=\"audio-282-2\" preload=\"none\" style=\"width: 100%;\" controls=\"controls\"><source type=\"audio\/mpeg\" src=\"http:\/\/carinlevine.de\/wordpress\/wp-content\/uploads\/2019\/04\/07_Titel_07.mp3?_=2\" \/><a href=\"http:\/\/carinlevine.de\/wordpress\/wp-content\/uploads\/2019\/04\/07_Titel_07.mp3\">http:\/\/carinlevine.de\/wordpress\/wp-content\/uploads\/2019\/04\/07_Titel_07.mp3<\/a><\/audio>\n<p><strong>8\u00a0 blick III<\/strong><br \/>\nf\u00fcr drei Fl\u00f6ten (C-Fl\u00f6te, Altfl\u00f6te, Kontrabassfl\u00f6te)<\/p>\n<p><strong>9\u00a0 blick II<\/strong><br \/>\nf\u00fcr f\u00fcnf Fl\u00f6ten (C-Fl\u00f6te, Piccolo, Altfl\u00f6te, Bassfl\u00f6te)<\/p>\n<p><strong>10 aus dem tagebuch IV<\/strong><br \/>\nf\u00fcr Piccolo solo<\/p>\n<p><strong>11 auf die suche nach mozart<\/strong><br \/>\nf\u00fcr Fl\u00f6te und Harfe<\/p>\n<p><strong>12 aus dem tagebuch V<\/strong><br \/>\nf\u00fcr Kontrabassfl\u00f6te solo<\/p>\n<p><strong>13 ichthys<\/strong><br \/>\nf\u00fcr Fl\u00f6te (Piccolo, Bassfl\u00f6te, Violine und Klavier)<\/p>\n<p><strong>14 blick V<\/strong><br \/>\nf\u00fcr neun Fl\u00f6ten (zwei C-Fl\u00f6ten, zwei Piccolo, zwei Altfl\u00f6ten, zwei Bassfl\u00f6ten und Kontrabassfl\u00f6te)<\/p>\n","protected":false},"excerpt":{"rendered":"<p>Diary\/Tagebuch (2016) Violeta Diescu Works for flute WERGO WER 7324 2 Carin Levine, Flutes Cynthia Oppermann, Harp Susanne Zapf, Violin Stephan Rahn, Piano Dauprat-Hornquartett 1\u00a0 aus dem tagebuch I f\u00fcr Fl\u00f6te solo 2\u00a0 blick I f\u00fcr zwei Fl\u00f6ten (Altfl\u00f6te, Bassfl\u00f6te) 3\u00a0 die glocke im meer f\u00fcr Fl\u00f6te und vier H\u00f6rner 4\u00a0 aus dem tagebuch II &hellip; <\/p>\n<p class=\"link-more\"><a href=\"https:\/\/carinlevine.de\/wordpress\/diary-tagebuch-2016\/\" class=\"more-link\"><span class=\"screen-reader-text\">\u201eDiary\/Tagebuch (2016)\u201c <\/span>weiterlesen<\/a><\/p>\n","protected":false},"author":1,"featured_media":0,"parent":0,"menu_order":0,"comment_status":"closed","ping_status":"closed","template":"","meta":[],"_links":{"self":[{"href":"https:\/\/carinlevine.de\/wordpress\/wp-json\/wp\/v2\/pages\/282"}],"collection":[{"href":"https:\/\/carinlevine.de\/wordpress\/wp-json\/wp\/v2\/pages"}],"about":[{"href":"https:\/\/carinlevine.de\/wordpress\/wp-json\/wp\/v2\/types\/page"}],"author":[{"embeddable":true,"href":"https:\/\/carinlevine.de\/wordpress\/wp-json\/wp\/v2\/users\/1"}],"replies":[{"embeddable":true,"href":"https:\/\/carinlevine.de\/wordpress\/wp-json\/wp\/v2\/comments?post=282"}],"version-history":[{"count":7,"href":"https:\/\/carinlevine.de\/wordpress\/wp-json\/wp\/v2\/pages\/282\/revisions"}],"predecessor-version":[{"id":379,"href":"https:\/\/carinlevine.de\/wordpress\/wp-json\/wp\/v2\/pages\/282\/revisions\/379"}],"wp:attachment":[{"href":"https:\/\/carinlevine.de\/wordpress\/wp-json\/wp\/v2\/media?parent=282"}],"curies":[{"name":"wp","href":"https:\/\/api.w.org\/{rel}","templated":true}]}}